{"id":14,"date":"2022-05-05T20:00:30","date_gmt":"2022-05-05T20:00:30","guid":{"rendered":"https:\/\/proludik.com\/quebec-fr\/decors\/"},"modified":"2026-04-23T19:11:55","modified_gmt":"2026-04-23T19:11:55","slug":"decors","status":"publish","type":"page","link":"https:\/\/proludik.com\/quebec-fr\/inventory\/decors\/","title":{"rendered":"D\u00e9cors et Costumes"},"content":{"rendered":"<!-- Start Shortcoder content --><!-- Cart -->\r\n<div class=\"cartInfo\" style=\"display:none\">\r\n    <i class=\"cartIcon fas fa-shopping-cart\"><\/i><!--no linebreak bc elementor--> <span class=\"simpleCart_quantity\"><\/span> items\r\n<\/div>\r\n\r\n<div class=\"pageDateRangeWrapper elementor-widget-button\">\r\n    <div class=\"elementor-button elementor-animation-grow\" onclick=\"checkAvailDateClick()\" style=\"display:block\">\r\n        <div class=\"ioDateRangeHeader\">Fixer la date de l'\u00e9v\u00e9nement<\/div>\r\n        <div id=\"pageDateRange\" class=\"ioDateRange\"><\/div>\r\n    <\/div>\r\n<\/div>\r\n<div class=\"io_category_wrapper elementor-widget-heading\">\r\n    <h1 class=\"catNameIO elementor-heading-title elementor-size-default\">D\u00e9cors et Costumes<span class=\"io_forrent io_forrent_133969\"> for Rent<\/span><\/h1>\r\n<\/div>\r\n<div class=\"category_id\" style=\"display: none\">133969<\/div>\r\n<div class=\"cat_div_wrapper\"><div class=\"io_cat_description io_cat_description_133969 elementor-widget-text-editor catDescriptionIO\"><\/div><\/div>\r\n<div class=\"io_catdiv2\"><\/div>\r\n<div class=\"io_landingpages io_landingpages_133969 elementor-widget-text-editor\"><!-- Start Shortcoder content --><!-- End Shortcoder content --><\/div>\r\n<div class=\"io_cat_longdescription io_cat_longdescription_133969 elementor-widget-text-editor\"><\/div>\r\n\r\n<script>\r\n    jQuery(document).ready(function(){\r\n        jQuery(\".rentNameIO\").each(function(){\r\n            if(jQuery(this).text().toLowerCase().indexOf(\"takeout\") !== -1 || jQuery(this).text().toLowerCase().indexOf(\"vente\") !== -1 || jQuery(this).text().toLowerCase().indexOf(\"fabrication\") !== -1){\r\n                jQuery(this).parent().parent().parent().hide();\r\n            }\r\n        });\r\n        if(\"D\u00e9cors et Costumes\".toLowerCase().indexOf(\"pour takeout\") >= 0){\r\n            setCookie(\"io_delivery_method\", \"Cueillette \/ Takeout\", 14);\r\n            jQuery(\".io_forrent\").hide();\r\n        }else if(\"D\u00e9cors et Costumes\".toLowerCase().indexOf(\"vente\") >= 0){\r\n            \/* Use shopify link *\/\r\n            setCookie(\"io_delivery_method\", \"Vente \/ Sales\", 14);\r\n            jQuery(\".io_forrent\").hide();\r\n            setTimeout(function() {\r\n                jQuery(\"#ioDeliveryMethodContainer\").hide();\r\n                jQuery(\"#ioLocationConfirmContainer\").hide();\r\n                jQuery(\".pageDateRangeWrapper\").hide();\r\n                jQuery(\"#cartData\").hide();\r\n                jQuery(\".cartSubtotalBox\").hide();\r\n                jQuery(\"<style>#cartCheckoutButton .elementor-widget-button a:nth-child(2){display:none !important;}<\/style>\").appendTo( \"head\" );\r\n            },100);\r\n        }else{\r\n            \/* Service *\/\r\n            setCookie(\"io_delivery_method\", \"Avec services \/ Staffed\", 14);\r\n            setTimeout(function() {\r\n                jQuery(\"#ioDeliveryMethodContainer\").hide();\r\n                jQuery(\"#ioLocationConfirmContainer\").hide();\r\n                jQuery(\"#cartData\").hide();\r\n                jQuery(\".cartSubtotalBox\").hide();\r\n                jQuery(\"<style>#cartCheckoutButton .elementor-widget-button a:nth-child(2){display:none !important;}<\/style>\").appendTo( \"head\" );\r\n            },100);\r\n        }\r\n    });\r\n<\/script><!-- End Shortcoder content -->\n<!-- Start Shortcoder content --><script>window.io_category_data = window.io_category_data || {}; window.io_category_data['1499697'] = {\"indoor_outdoor\":\"\",\"staff\":\"\",\"electric\":\"2.00\",\"dimensions\":\"12\\u0027x21\\u0027\",\"rental_id\":\"1499697\",\"rental_name\":\"Toile Pole Nord 12x21\",\"images_arr\":\"{\\u00220\\u0022:{\\u0022rentalimage_id\\u0022:\\u00221216245\\u0022,\\u0022rentalimage_createtime\\u0022:null,\\u0022rentalimage_modifiedtime\\u0022:null,\\u0022rentalimage_itemid\\u0022:\\u00221499697\\u0022,\\u0022rentalimage_order\\u0022:\\u00220\\u0022,\\u0022rentalimage_imageloc\\u0022:\\u0022https:\\\/\\\/rental.software\\\/users\\\/isabelle@proludik\\\/images\\\/toile-pole-nord_1698416217.jpg\\u0022,\\u0022rentalimage_imagelocbig\\u0022:\\u0022https:\\\/\\\/rental.software\\\/users\\\/isabelle@proludik\\\/images\\\/toile-pole-nord_1698416217_big.jpg\\u0022,\\u0022media_type\\u0022:\\u0022image\\u0022}}\"};<\/script><a href=\"https:\/\/proludik.com\/quebec-fr\/inventory\/decors\/toile-pole-nord-12x21\/\">\r\n    <div class=\"io_item2_list elementor-widget-heading simpleCart_ioShelfItem\" name=\"maindiv_Toile Pole Nord 12x21\">\r\n        <div class=\"cat_div\">\r\n            <div class=\"btn btn-primary view-product-button\">View Product<\/div>\r\n            <img decoding=\"async\" class=\"cat_img item_image\" src=\"https:\/\/rental.software\/users\/isabelle@proludik\/images\/toile-pole-nord_1698416217.jpg\" alt=\"Toile Pole Nord 12x21\" title=\"Toile Pole Nord 12x21\" \/>\r\n        <\/div>\r\n        <div class=\"io_item2_list_inner\">\r\n            <p class=\"elementor-heading-title rentNameIO item_name\">Toile Pole Nord 12x21<\/p>\r\n            <p class=\"item_encoded\" style=\"display:none;\">Toile+Pole+Nord+12x21<\/p>\r\n            <span class=\"item_href\" style=\"display:none;\">https:\/\/proludik.com\/quebec-fr\/inventory\/decors\/toile-pole-nord-12x21\/<\/span>\r\n            <p class=\"item_rentalid\" style=\"display:none;\">1499697<\/p>\r\n            <span class=\"item_qtyincrement\" style=\"display:none;\">1<\/span>\r\n            <div class=\"item_timeslots\" style=\"display:none;\"><\/div>\r\n\r\n            <div class=\"elementor-widget-button add_cart_1499697\" style=\"display:inline-block;\">\r\n                <a class=\"elementor-button elementor-size-sm elementor-animation-grow io_button rentNameIO_button\"\r\n                    href=\"https:\/\/proludik.com\/quebec-fr\/inventory\/decors\/toile-pole-nord-12x21\/\"><!--no linebreak bc elementor--><span>Tarifs et informations<\/span><\/a>\r\n            <\/div>\r\n            <div class=\"unavailable_message unavailable_message_1499697\"  onclick=\"checkAvailDateClick()\">article indisponible (modifier la date)<\/div>\r\n            <\/div>\r\n    <\/div>\r\n    <script>\r\n        jQuery(document).ready(function () {\r\n            jQuery(\".rentNameIO_pricespan\").each(function () {\r\n                if( !Number( this.textContent.replace(\/[^0-9.-]+\/g,\"\") ) ){\r\n                    jQuery(this.parentElement).hide();\r\n                }\r\n            });\r\n        });\r\n    <\/script>\r\n<\/a><!-- End Shortcoder content -->\n<!-- Start Shortcoder content --><script>window.io_category_data = window.io_category_data || {}; window.io_category_data['1499351'] = {\"indoor_outdoor\":\"\",\"staff\":\"\",\"electric\":\"1.00\",\"dimensions\":\"8\\u0027x14\\u0027\",\"rental_id\":\"1499351\",\"rental_name\":\"Toile Village de Noel 8x14\",\"images_arr\":\"{\\u00220\\u0022:{\\u0022rentalimage_id\\u0022:\\u00221216247\\u0022,\\u0022rentalimage_createtime\\u0022:null,\\u0022rentalimage_modifiedtime\\u0022:null,\\u0022rentalimage_itemid\\u0022:\\u00221499351\\u0022,\\u0022rentalimage_order\\u0022:\\u00220\\u0022,\\u0022rentalimage_imageloc\\u0022:\\u0022https:\\\/\\\/rental.software\\\/users\\\/isabelle@proludik\\\/images\\\/toile-village_1698416254.jpg\\u0022,\\u0022rentalimage_imagelocbig\\u0022:\\u0022https:\\\/\\\/rental.software\\\/users\\\/isabelle@proludik\\\/images\\\/toile-village_1698416254_big.jpg\\u0022,\\u0022media_type\\u0022:\\u0022image\\u0022}}\"};<\/script><a href=\"https:\/\/proludik.com\/quebec-fr\/inventory\/decors\/toile-village-de-noel-8x14\/\">\r\n    <div class=\"io_item2_list elementor-widget-heading simpleCart_ioShelfItem\" name=\"maindiv_Toile Village de Noel 8x14\">\r\n        <div class=\"cat_div\">\r\n            <div class=\"btn btn-primary view-product-button\">View Product<\/div>\r\n            <img decoding=\"async\" class=\"cat_img item_image\" src=\"https:\/\/rental.software\/users\/isabelle@proludik\/images\/toile-village_1698416254.jpg\" alt=\"Toile Village de Noel 8x14\" title=\"Toile Village de Noel 8x14\" \/>\r\n        <\/div>\r\n        <div class=\"io_item2_list_inner\">\r\n            <p class=\"elementor-heading-title rentNameIO item_name\">Toile Village de Noel 8x14<\/p>\r\n            <p class=\"item_encoded\" style=\"display:none;\">Toile+Village+de+Noel+8x14<\/p>\r\n            <span class=\"item_href\" style=\"display:none;\">https:\/\/proludik.com\/quebec-fr\/inventory\/decors\/toile-village-de-noel-8x14\/<\/span>\r\n            <p class=\"item_rentalid\" style=\"display:none;\">1499351<\/p>\r\n            <span class=\"item_qtyincrement\" style=\"display:none;\">1<\/span>\r\n            <div class=\"item_timeslots\" style=\"display:none;\"><\/div>\r\n\r\n            <div class=\"elementor-widget-button add_cart_1499351\" style=\"display:inline-block;\">\r\n                <a class=\"elementor-button elementor-size-sm elementor-animation-grow io_button rentNameIO_button\"\r\n                    href=\"https:\/\/proludik.com\/quebec-fr\/inventory\/decors\/toile-village-de-noel-8x14\/\"><!--no linebreak bc elementor--><span>Tarifs et informations<\/span><\/a>\r\n            <\/div>\r\n            <div class=\"unavailable_message unavailable_message_1499351\"  onclick=\"checkAvailDateClick()\">article indisponible (modifier la date)<\/div>\r\n            <\/div>\r\n    <\/div>\r\n    <script>\r\n        jQuery(document).ready(function () {\r\n            jQuery(\".rentNameIO_pricespan\").each(function () {\r\n                if( !Number( this.textContent.replace(\/[^0-9.-]+\/g,\"\") ) ){\r\n                    jQuery(this.parentElement).hide();\r\n                }\r\n            });\r\n        });\r\n    <\/script>\r\n<\/a><!-- End Shortcoder content -->\n<!-- Start Shortcoder content --><script>window.io_category_data = window.io_category_data || {}; window.io_category_data['1499707'] = {\"indoor_outdoor\":\"\",\"staff\":\"\",\"electric\":\"1.00\",\"dimensions\":\"4\\u0027x4\\u0027x7.5\\u0027\",\"rental_id\":\"1499707\",\"rental_name\":\"Trone Gonflable\",\"images_arr\":\"{\\u00220\\u0022:{\\u0022rentalimage_id\\u0022:\\u00221216253\\u0022,\\u0022rentalimage_createtime\\u0022:null,\\u0022rentalimage_modifiedtime\\u0022:null,\\u0022rentalimage_itemid\\u0022:\\u00221499707\\u0022,\\u0022rentalimage_order\\u0022:\\u00220\\u0022,\\u0022rentalimage_imageloc\\u0022:\\u0022https:\\\/\\\/rental.software\\\/users\\\/isabelle@proludik\\\/images\\\/photo_29477_20121222_1698416455.jpg\\u0022,\\u0022rentalimage_imagelocbig\\u0022:\\u0022https:\\\/\\\/rental.software\\\/users\\\/isabelle@proludik\\\/images\\\/photo_29477_20121222_1698416455_big.jpg\\u0022,\\u0022media_type\\u0022:\\u0022image\\u0022}}\"};<\/script><a href=\"https:\/\/proludik.com\/quebec-fr\/inventory\/decors\/trone-gonflable\/\">\r\n    <div class=\"io_item2_list elementor-widget-heading simpleCart_ioShelfItem\" name=\"maindiv_Trone Gonflable\">\r\n        <div class=\"cat_div\">\r\n            <div class=\"btn btn-primary view-product-button\">View Product<\/div>\r\n            <img decoding=\"async\" class=\"cat_img item_image\" src=\"https:\/\/rental.software\/users\/isabelle@proludik\/images\/photo_29477_20121222_1698416455.jpg\" alt=\"Tr\u00f4ne gonflable rouge et vert de No\u00ebl avec P\u00e8re No\u00ebl debout \u00e0 c\u00f4t\u00e9\" title=\"Trone Gonflable\" \/>\r\n        <\/div>\r\n        <div class=\"io_item2_list_inner\">\r\n            <p class=\"elementor-heading-title rentNameIO item_name\">Trone Gonflable<\/p>\r\n            <p class=\"item_encoded\" style=\"display:none;\">Trone+Gonflable<\/p>\r\n            <span class=\"item_href\" style=\"display:none;\">https:\/\/proludik.com\/quebec-fr\/inventory\/decors\/trone-gonflable\/<\/span>\r\n            <p class=\"item_rentalid\" style=\"display:none;\">1499707<\/p>\r\n            <span class=\"item_qtyincrement\" style=\"display:none;\">1<\/span>\r\n            <div class=\"item_timeslots\" style=\"display:none;\"><\/div>\r\n\r\n            <div class=\"elementor-widget-button add_cart_1499707\" style=\"display:inline-block;\">\r\n                <a class=\"elementor-button elementor-size-sm elementor-animation-grow io_button rentNameIO_button\"\r\n                    href=\"https:\/\/proludik.com\/quebec-fr\/inventory\/decors\/trone-gonflable\/\"><!--no linebreak bc elementor--><span>Tarifs et informations<\/span><\/a>\r\n            <\/div>\r\n            <div class=\"unavailable_message unavailable_message_1499707\"  onclick=\"checkAvailDateClick()\">article indisponible (modifier la date)<\/div>\r\n            <\/div>\r\n    <\/div>\r\n    <script>\r\n        jQuery(document).ready(function () {\r\n            jQuery(\".rentNameIO_pricespan\").each(function () {\r\n                if( !Number( this.textContent.replace(\/[^0-9.-]+\/g,\"\") ) ){\r\n                    jQuery(this.parentElement).hide();\r\n                }\r\n            });\r\n        });\r\n    <\/script>\r\n<\/a><!-- End Shortcoder content -->\n","protected":false},"excerpt":{"rendered":"","protected":false},"author":1,"featured_media":49057,"parent":45,"menu_order":0,"comment_status":"closed","ping_status":"closed","template":"","meta":{"ngg_post_thumbnail":0,"io_meta_description":"","footnotes":""},"class_list":["post-14","page","type-page","status-publish","has-post-thumbnail","hentry"],"_links":{"self":[{"href":"https:\/\/proludik.com\/quebec-fr\/wp-json\/wp\/v2\/pages\/14","targetHints":{"allow":["GET"]}}],"collection":[{"href":"https:\/\/proludik.com\/quebec-fr\/wp-json\/wp\/v2\/pages"}],"about":[{"href":"https:\/\/proludik.com\/quebec-fr\/wp-json\/wp\/v2\/types\/page"}],"author":[{"embeddable":true,"href":"https:\/\/proludik.com\/quebec-fr\/wp-json\/wp\/v2\/users\/1"}],"replies":[{"embeddable":true,"href":"https:\/\/proludik.com\/quebec-fr\/wp-json\/wp\/v2\/comments?post=14"}],"version-history":[{"count":204,"href":"https:\/\/proludik.com\/quebec-fr\/wp-json\/wp\/v2\/pages\/14\/revisions"}],"predecessor-version":[{"id":74587,"href":"https:\/\/proludik.com\/quebec-fr\/wp-json\/wp\/v2\/pages\/14\/revisions\/74587"}],"up":[{"embeddable":true,"href":"https:\/\/proludik.com\/quebec-fr\/wp-json\/wp\/v2\/pages\/45"}],"wp:featuredmedia":[{"embeddable":true,"href":"https:\/\/proludik.com\/quebec-fr\/wp-json\/wp\/v2\/media\/49057"}],"wp:attachment":[{"href":"https:\/\/proludik.com\/quebec-fr\/wp-json\/wp\/v2\/media?parent=14"}],"curies":[{"name":"wp","href":"https:\/\/api.w.org\/{rel}","templated":true}]}}